{"id":24605,"date":"2026-02-23T10:37:04","date_gmt":"2026-02-23T09:37:04","guid":{"rendered":"https:\/\/kulturnibazar.si\/?post_type=kultbaz_obvestila&#038;p=24605"},"modified":"2026-03-20T12:49:27","modified_gmt":"2026-03-20T11:49:27","slug":"kulturni-bazar-2026-2","status":"publish","type":"kultbaz_obvestila","link":"https:\/\/kulturnibazar.si\/en\/objave\/kulturni-bazar-2026-2\/","title":{"rendered":"Kulturni bazar 2026"},"content":{"rendered":"<div id=\"odstavek-block_96424ed94a4bbe645d16f65129708ccf\" class=\"odstavek \">\n<p>\n<p><strong>Program najve\u010djega strokovnega usposabljanja na podro\u010dju kulturno-umetnostne vzgoje Kulturni bazar 2026<\/strong> vklju\u010duje raznovrsten nabor dogodkov: predavanja, predstavitve, okrogle mize, delavnice, predstave, filmske projekcije ter vodenja po razstavi, ki jih namenjamo\u00a0<strong>strokovnim delavkam in delavcem ter \u0161tudentkam in \u0161tudentom z razli\u010dnih podro\u010dij\u00a0<\/strong>(vzgoje in izobra\u017eevanja, kulture, zdravstva, sociale, okolja in prostora \u2026).<\/p>\n<\/p>\n\n\n<\/div>    \n<style type=\"text\/css\">\n\t#odstavek-block_96424ed94a4bbe645d16f65129708ccf {\n        margin: 20px 0;\n\t}\n<\/style>\n\n<div id=\"malinaslov-block_969ea5943df89bbba66aeb091b0f7857\" class=\"slika \">\n\t\t<img decoding=\"async\" src=\"https:\/\/kulturnibazar.si\/wp-content\/uploads\/2026\/02\/Sledi2.png\" alt=\"Sledi2\" \/>\n\t\t\t<h6>Sledi plesa in  prostor domi\u0161ljije (foto: Anka Simon\u010di\u010d)<\/h6>\n\t\n<\/div>\n<style type=\"text\/css\">\n\t#malinaslov-block_969ea5943df89bbba66aeb091b0f7857 {\n\t\tmargin: 70px 0;\n\t}\n<\/style>\n\n<div id=\"odstavek-block_fb9b25687a7b6133c512796f45ff9c3b\" class=\"odstavek \">\n<p>\n<p>Osrednja tema Kulturnega bazarja 2026 je <strong>Dostopnost<\/strong>. Vpra\u0161anja, povezana s to temo, bomo obravnavali z razli\u010dnih vidikov \u2013 geografskega, senzornega, prostorskega, socialnega in ekonomskega. Posebno pozornost bomo namenili tudi vklju\u010devanju ranljivih skupin, participativnih programov ter zagotavljanju komunikacijske in digitalne dostopnosti. Naslovili bomo izzive, s katerimi se soo\u010dajo tako kulturne ustanove in ustvarjalci kot vzgojno-izobra\u017eevalni zavodi, predstavili dobre prakse ter nove predloge za razvoj \u0161e dostopnej\u0161e in \u0161e bolj vklju\u010dujo\u010de kulturne krajine. Z dogodki bomo razgrnili \u0161irok pristop, ki si prizadeva za vklju\u010devanje ter skupno ustvarjanje in do\u017eivljanje umetnosti prav vseh.<\/p>\n<\/p>\n\n\n<\/div>    \n<style type=\"text\/css\">\n\t#odstavek-block_fb9b25687a7b6133c512796f45ff9c3b {\n        margin: 20px 0;\n\t}\n<\/style>\n\n<div id=\"odstavek-block_dfac27fe84481a7c3d662a6ad3fce33f\" class=\"odstavek \">\n<p>\n<p>Oglejte si <a href=\"https:\/\/kulturnibazar.si\/wp-content\/uploads\/2026\/02\/KB2026_vabilo-_p-1.pdf\" target=\"_blank\" rel=\"noopener\" data-cke-saved-href=\"https:\/\/kulturnibazar.si\/wp-content\/uploads\/2026\/02\/KB2026_vabilo-_p-1.pdf\">vabilo <\/a>in <a href=\"https:\/\/kulturnibazar.si\/wp-content\/uploads\/2026\/03\/Kulturni-bazar_2026_objava.pdf\" target=\"_blank\" rel=\"noopener\" data-cke-saved-href=\"https:\/\/kulturnibazar.si\/wp-content\/uploads\/2026\/02\/Kulturni-bazar_2026_za-objavo.pdf\">program strokovnega usposabljanja &gt;<\/a><\/p>\n<\/p>\n\n\n<\/div>    \n<style type=\"text\/css\">\n\t#odstavek-block_dfac27fe84481a7c3d662a6ad3fce33f {\n        margin: 20px 0;\n\t}\n<\/style>\n\n<div id=\"malinaslov-block_930ed4900280917476435fe4c73fad71\" class=\"slika \">\n\t\t<img decoding=\"async\" src=\"https:\/\/kulturnibazar.si\/wp-content\/uploads\/2026\/02\/PODIPO1.png\" alt=\"PODIPO1\" \/>\n\t\t\t<h6>PODIPO (foto: Ale\u0161 Rosa)<\/h6>\n\t\n<\/div>\n<style type=\"text\/css\">\n\t#malinaslov-block_930ed4900280917476435fe4c73fad71 {\n\t\tmargin: 70px 0;\n\t}\n<\/style>\n\n<div id=\"odstavek-block_346178aa29b0d01ec3b8d3f40b5ffafa\" class=\"odstavek \">\n<p>\n<p>Na\u00a0<strong>brezpla\u010dno<\/strong>\u00a0<strong>strokovno usposabljanje<\/strong>\u00a0se prijavite z\u00a0<strong><a href=\"https:\/\/cankarjevdom.eventsair.com\/2026-kulturni-bazar\/kulturni-bazar-2026\" target=\"_blank\" rel=\"noopener\" data-uw-original-href=\"https:\/\/cankarjevdom.eventsair.com\/2025-kulturni-bazar\/kulturni-bazar-2025\/Site\/Register\" data-uw-rm-brl=\"PR\" data-cke-saved-href=\"https:\/\/cankarjevdom.eventsair.com\/2026-kulturni-bazar\/kulturni-bazar-2026\">e-prijavo<\/a>.\u00a0<\/strong><\/p>\n<p>&nbsp;<\/p>\n<\/p>\n\n\n<\/div>    \n<style type=\"text\/css\">\n\t#odstavek-block_346178aa29b0d01ec3b8d3f40b5ffafa {\n        margin: 20px 0;\n\t}\n<\/style>\n\n<div id=\"odstavek-block_d6b5636edbbb837457d8c1fdae18257b\" class=\"odstavek \">\n<p>\n<p>Ve\u010d na<a href=\"https:\/\/kulturnibazar.si\/\">\u00a0https:\/\/kulturnibazar.si.\u00a0<\/a><\/p>\n<p>&nbsp;<\/p>\n<\/p>\n\n\n<\/div>    \n<style type=\"text\/css\">\n\t#odstavek-block_d6b5636edbbb837457d8c1fdae18257b {\n        margin: 20px 0;\n\t}\n<\/style>\n\n<div id=\"malinaslov-block_ddc4e156749f990e89b619abeceffc0f\" class=\"slika \">\n\t\t<img decoding=\"async\" src=\"https:\/\/kulturnibazar.si\/wp-content\/uploads\/2026\/02\/Poletne-pocitnice1.png\" alt=\"Poletne po\u010ditnice1\" \/>\n\t\t\t<h6>Poletne po\u010ditnice (foto iz dokumentacije filma)<\/h6>\n\t\n<\/div>\n<style type=\"text\/css\">\n\t#malinaslov-block_ddc4e156749f990e89b619abeceffc0f {\n\t\tmargin: 70px 0;\n\t}\n<\/style>\n\n<div id=\"odstavek-block_333fb651da5ef5fa0951bca8e4e10438\" class=\"odstavek \">\n<p>\n<p><strong>Osemnajsti Kulturni bazar<\/strong> pripravljamo Ministrstvo za kulturo, Ministrstvo za vzgojo in izobra\u017eevanje\u00a0in Zavod RS za \u0161olstvo v sodelovanju s Centrom RS za poklicno izobra\u017eevanje, Andrago\u0161kim centrom Slovenije, Ministrstvom za zdravje, Ministrstvom za naravne vire in prostor ter CMEPIUS-om pod \u010dastnim pokroviteljstvom Slovenske nacionalne komisije za UNESCO. Izvr\u0161ni producent prireditve je Cankarjev dom v Ljubljani. Medijski partner dogodka je 3. program Radia Slovenija \u2013 program Ars.<\/p>\n<\/p>\n\n\n<\/div>    \n<style type=\"text\/css\">\n\t#odstavek-block_333fb651da5ef5fa0951bca8e4e10438 {\n        margin: 20px 0;\n\t}\n<\/style>\n\n\n<div class=\"wp-block-group is-nowrap is-layout-flex wp-container-core-group-is-layout-ad2f72ca wp-block-group-is-layout-flex\"><div id=\"odstavek-block_2b4a94a0fa4594ee99d27005d35dc3b9\" class=\"odstavek \">\n<p>\n<\/p>\n\n\n<\/div>    \n<style type=\"text\/css\">\n\t#odstavek-block_2b4a94a0fa4594ee99d27005d35dc3b9 {\n        margin: 20px 0;\n\t}\n<\/style>\n\n<div id=\"odstavek-block_436ff5ae6d2092478c0e675f8e5dc838\" class=\"odstavek \">\n<p>\n<\/p>\n\n\n<\/div>    \n<style type=\"text\/css\">\n\t#odstavek-block_436ff5ae6d2092478c0e675f8e5dc838 {\n        margin: 20px 0;\n\t}\n<\/style><\/div>\n","protected":false},"excerpt":{"rendered":"","protected":false},"featured_media":24628,"parent":0,"menu_order":0,"template":"","meta":{"_acf_changed":true},"kulturnibazar_vrsta":[2],"kulturnibazar_podrocje":[144],"kulturnibazar_zvrst":[18],"kulturnibazar_lokacija":[19],"class_list":["post-24605","kultbaz_obvestila","type-kultbaz_obvestila","status-publish","has-post-thumbnail","hentry","kulturnibazar_vrsta-novice","kulturnibazar_podrocje-vecpodrocno","kulturnibazar_zvrst-strokovni-dogodek","kulturnibazar_lokacija-osrednjeslovenska"],"acf":[],"_links":{"self":[{"href":"https:\/\/kulturnibazar.si\/en\/wp-json\/wp\/v2\/kultbaz_obvestila\/24605","targetHints":{"allow":["GET"]}}],"collection":[{"href":"https:\/\/kulturnibazar.si\/en\/wp-json\/wp\/v2\/kultbaz_obvestila"}],"about":[{"href":"https:\/\/kulturnibazar.si\/en\/wp-json\/wp\/v2\/types\/kultbaz_obvestila"}],"wp:featuredmedia":[{"embeddable":true,"href":"https:\/\/kulturnibazar.si\/en\/wp-json\/wp\/v2\/media\/24628"}],"wp:attachment":[{"href":"https:\/\/kulturnibazar.si\/en\/wp-json\/wp\/v2\/media?parent=24605"}],"wp:term":[{"taxonomy":"kulturnibazar_vrsta","embeddable":true,"href":"https:\/\/kulturnibazar.si\/en\/wp-json\/wp\/v2\/kulturnibazar_vrsta?post=24605"},{"taxonomy":"kulturnibazar_podrocje","embeddable":true,"href":"https:\/\/kulturnibazar.si\/en\/wp-json\/wp\/v2\/kulturnibazar_podrocje?post=24605"},{"taxonomy":"kulturnibazar_zvrst","embeddable":true,"href":"https:\/\/kulturnibazar.si\/en\/wp-json\/wp\/v2\/kulturnibazar_zvrst?post=24605"},{"taxonomy":"kulturnibazar_lokacija","embeddable":true,"href":"https:\/\/kulturnibazar.si\/en\/wp-json\/wp\/v2\/kulturnibazar_lokacija?post=24605"}],"curies":[{"name":"wp","href":"https:\/\/api.w.org\/{rel}","templated":true}]}}