{"id":17808,"date":"2024-04-26T09:59:34","date_gmt":"2024-04-26T07:59:34","guid":{"rendered":"https:\/\/kulturnibazar.si\/?post_type=kultbaz_obvestila&#038;p=17808"},"modified":"2024-05-13T14:29:12","modified_gmt":"2024-05-13T12:29:12","slug":"festival-dusevnega-zdravja-2","status":"publish","type":"kultbaz_obvestila","link":"https:\/\/kulturnibazar.si\/en\/objave\/festival-dusevnega-zdravja-2\/","title":{"rendered":"Festival du\u0161evnega zdravja 2024"},"content":{"rendered":"<div id=\"malinaslov-block_e423da20ccfb8de4319f1ca8dd568913\" class=\"slika \">\n\t\t<img decoding=\"async\" src=\"https:\/\/kulturnibazar.si\/wp-content\/uploads\/2024\/04\/Izdelek-brez-naslova-15-1.jpg\" alt=\"Izdelek brez naslova (15)\" \/>\n\t\n<\/div>\n<style type=\"text\/css\">\n\t#malinaslov-block_e423da20ccfb8de4319f1ca8dd568913 {\n\t\tmargin: 70px 0;\n\t}\n<\/style>\n\n<div id=\"odstavek-block_ae0704cabb510f9f505584643cd3cffb\" class=\"odstavek \">\n<p>\n<p>Da bi prebivalkam in prebivalcem Slovenije pribli\u017eali podro\u010dje du\u0161evnega zdravja in dvignili ozave\u0161\u010denost o pomembnosti du\u0161evnega zdravja, ki je veliko ve\u010d kot zgolj odsotnost bolezni, bo letos 15. maja 2024, od 10. do 18. ure, pred stadionom Ljudski vrt v Mariboru, potekal 2. Festival du\u0161evnega zdravja, ki je namenjen ljudem razli\u010dnih starosti; mladostnikom, odraslim osebam (star\u0161em, delovno aktivnemu prebivalstvu) in starej\u0161im.<\/p>\n<\/p>\n\n\n<\/div>    \n<style type=\"text\/css\">\n\t#odstavek-block_ae0704cabb510f9f505584643cd3cffb {\n        margin: 20px 0;\n\t}\n<\/style>\n\n<div id=\"odstavek-block_228afd6c12d0c31340aeeb08ccbd62d0\" class=\"odstavek \">\n<p>\n<p>Na festivalu bo sodelovalo tudi Ministrstvo za kulturo v okviru nacionalnega sti\u010di\u0161\u010da kulturno-umetnostne vzgoje Kulturni bazar. Predstavile se bodo kulturne ustanove (javni zavodi in nevladne ustanove ter umetniki) z razli\u010dnih podro\u010dij kulture in umetnosti, ki v svoji ponudbi vklju\u010dujejo vsebine, dejavnosti, projekte ali programe, pomembne za krepitev du\u0161evnega zdravja razli\u010dnih ciljnih skupin. Ustanove bodo pripravile <strong>razli\u010dne kulturno-umetnostne delavnice <\/strong>za razli\u010dne ciljne skupine. Vabljeni tudi na dve okrogli mizi <strong><em>Kako lahko kultura in umetnost prispevata k na\u0161emu zdravju in dobremu po\u010dutju? <\/em><\/strong>ter <strong><em>Z branjem do bolj\u0161ega du\u0161evnega zdravja<\/em><\/strong> (v sodelovanju z Ministrstvom za vzgojo in izobra\u017eevanje ter Andrago\u0161kim centrom Slovenije).<\/p>\n<\/p>\n\n\n<\/div>    \n<style type=\"text\/css\">\n\t#odstavek-block_228afd6c12d0c31340aeeb08ccbd62d0 {\n        margin: 20px 0;\n\t}\n<\/style>\n\n<div id=\"odstavek-block_6fc09469e7c998a0c5119eb9cd579eec\" class=\"odstavek \">\n<p>\n<p>Oglejte si program Ministrstva za kulturo\/Kulturnega bazarja:<\/p>\n<\/p>\n\n\n<\/div>    \n<style type=\"text\/css\">\n\t#odstavek-block_6fc09469e7c998a0c5119eb9cd579eec {\n        margin: 20px 0;\n\t}\n<\/style>\n\n\n<div data-wp-interactive=\"core\/file\" class=\"wp-block-file\"><object data-wp-bind--hidden=\"!state.hasPdfPreview\" hidden class=\"wp-block-file__embed\" data=\"https:\/\/kulturnibazar.si\/wp-content\/uploads\/2024\/05\/Vabilo-FDZ-MKKB-daljse-KONCNO-pdf.pdf\" type=\"application\/pdf\" style=\"width:100%;height:600px\" aria-label=\"Embed of Vabilo FDZ MKKB dalj\u0161e KON\u010cNO pdf.\"><\/object><a id=\"wp-block-file--media-e4021f6e-d348-41ae-b57f-3666cf696584\" href=\"https:\/\/kulturnibazar.si\/wp-content\/uploads\/2024\/05\/Vabilo-FDZ-MKKB-daljse-KONCNO-pdf.pdf\">Vabilo FDZ MKKB dalj\u0161e KON\u010cNO pdf<\/a><a href=\"https:\/\/kulturnibazar.si\/wp-content\/uploads\/2024\/05\/Vabilo-FDZ-MKKB-daljse-KONCNO-pdf.pdf\" class=\"wp-block-file__button wp-element-button\" download aria-describedby=\"wp-block-file--media-e4021f6e-d348-41ae-b57f-3666cf696584\">Prenos<\/a><\/div>\n","protected":false},"excerpt":{"rendered":"","protected":false},"featured_media":17809,"parent":0,"menu_order":0,"template":"","meta":{"_acf_changed":true},"kulturnibazar_vrsta":[2,3],"kulturnibazar_podrocje":[144],"kulturnibazar_zvrst":[274],"kulturnibazar_lokacija":[22],"class_list":["post-17808","kultbaz_obvestila","type-kultbaz_obvestila","status-publish","has-post-thumbnail","hentry","kulturnibazar_vrsta-novice","kulturnibazar_vrsta-dogodki","kulturnibazar_podrocje-vecpodrocno","kulturnibazar_zvrst-festival","kulturnibazar_lokacija-podravska"],"acf":[],"_links":{"self":[{"href":"https:\/\/kulturnibazar.si\/en\/wp-json\/wp\/v2\/kultbaz_obvestila\/17808","targetHints":{"allow":["GET"]}}],"collection":[{"href":"https:\/\/kulturnibazar.si\/en\/wp-json\/wp\/v2\/kultbaz_obvestila"}],"about":[{"href":"https:\/\/kulturnibazar.si\/en\/wp-json\/wp\/v2\/types\/kultbaz_obvestila"}],"wp:featuredmedia":[{"embeddable":true,"href":"https:\/\/kulturnibazar.si\/en\/wp-json\/wp\/v2\/media\/17809"}],"wp:attachment":[{"href":"https:\/\/kulturnibazar.si\/en\/wp-json\/wp\/v2\/media?parent=17808"}],"wp:term":[{"taxonomy":"kulturnibazar_vrsta","embeddable":true,"href":"https:\/\/kulturnibazar.si\/en\/wp-json\/wp\/v2\/kulturnibazar_vrsta?post=17808"},{"taxonomy":"kulturnibazar_podrocje","embeddable":true,"href":"https:\/\/kulturnibazar.si\/en\/wp-json\/wp\/v2\/kulturnibazar_podrocje?post=17808"},{"taxonomy":"kulturnibazar_zvrst","embeddable":true,"href":"https:\/\/kulturnibazar.si\/en\/wp-json\/wp\/v2\/kulturnibazar_zvrst?post=17808"},{"taxonomy":"kulturnibazar_lokacija","embeddable":true,"href":"https:\/\/kulturnibazar.si\/en\/wp-json\/wp\/v2\/kulturnibazar_lokacija?post=17808"}],"curies":[{"name":"wp","href":"https:\/\/api.w.org\/{rel}","templated":true}]}}